{"id":10222,"date":"2024-02-19T17:58:15","date_gmt":"2024-02-19T16:58:15","guid":{"rendered":"https:\/\/www.motoco.fr\/residents\/vincent-campos-2\/"},"modified":"2026-02-24T16:05:41","modified_gmt":"2026-02-24T15:05:41","slug":"vincent-campos","status":"publish","type":"resident","link":"https:\/\/www.motoco.fr\/en\/residents\/vincent-campos\/","title":{"rendered":"Vincent Campos"},"content":{"rendered":"<p data-start=\"0\" data-end=\"75\"><span class=\"hover:entity-accent entity-underline inline cursor-pointer align-baseline\"><span class=\"whitespace-normal\">Vincent Campos<\/span><\/span> was born in the Paris region in 1988.<\/p>\n<p data-start=\"77\" data-end=\"411\">After studying Modern Literature and Language Sciences at Sorbonne Nouvelle University, he joined the \u00c9cole Nationale Sup\u00e9rieure d\u2019Art de Dijon, where he graduated with a DNSEP in Art in 2014. Later, he chose to specialize further by completing his training at the Institut Europ\u00e9en d\u2019Art C\u00e9ramique, obtaining his certificate in 2018.<\/p>\n<p data-start=\"413\" data-end=\"799\">He completed internships with ceramic artist Patrick Loughran, at the Manufacture de S\u00e8vres, and at the graphic arts center of La M\u00e9tairie Bruy\u00e8re. In 2017, he co-founded the performance collective SuperBanquet. Alongside this, he maintains a solo performance practice. His work often oscillates between playfulness and a form of critique, where humor resonates as an echo of adversity.<\/p>\n<p data-start=\"801\" data-end=\"1021\">Through narratives imbued with carefree lightness, time seems suspended\u2014yet we are invited to follow the movement. His practice spans performance and video, sculpture, printed image, drawing, and more recently, puppetry.<\/p>\n<p class=\"p1\"><strong>EDUCATION<\/strong><\/p>\n<p data-start=\"1042\" data-end=\"1125\"><strong data-start=\"1042\" data-end=\"1050\">2023<\/strong> \u2013 Th\u00e9\u00e2tre aux Mains Nues<br data-start=\"1075\" data-end=\"1078\" \/>Professional certification as actor-puppeteer<\/p>\n<p data-start=\"1127\" data-end=\"1249\"><strong data-start=\"1127\" data-end=\"1135\">2018<\/strong> \u2013 Institut Europ\u00e9en des Arts C\u00e9ramiques<br data-start=\"1175\" data-end=\"1178\" \/>Internships with Patrick Loughran, Manufacture de S\u00e8vres, and Limoges<\/p>\n<p data-start=\"1251\" data-end=\"1333\"><strong data-start=\"1251\" data-end=\"1264\">2009\u20132014<\/strong> \u2013 \u00c9cole Nationale Sup\u00e9rieure d\u2019Art de Dijon<br data-start=\"1308\" data-end=\"1311\" \/>DNAP Art \/ DNSEP Art<\/p>\n<p class=\"p1\"><strong>GRANTS \/ AWARDS<\/strong><\/p>\n<p class=\"p1\"><strong data-start=\"1360\" data-end=\"1368\">2021<\/strong><br data-start=\"1368\" data-end=\"1371\" \/>Individual creation grant \u2013 DRAC Grand Est<br data-start=\"1413\" data-end=\"1416\" \/>Creation grant \u2013 R\u00e9gion Grand Est<\/p>\n<p class=\"p1\"><strong>RESIDENCIES<\/strong><\/p>\n<p class=\"p1\"><strong data-start=\"1474\" data-end=\"1482\">2021<\/strong><br data-start=\"1482\" data-end=\"1485\" \/>Wood-firing Anagama residency, Association Terre Plein, Taintrux (88)<\/p>\n<p class=\"p1\"><strong>EXHIBITIONS<\/strong><\/p>\n<p class=\"p1\">2023<br \/>\n<em data-start=\"1590\" data-end=\"1618\">Vers l&#8217;infini et l\u2019au-del\u00e0<\/em>, La Cour des Arts, Saint-Di\u00e9-des-Vosges<br data-start=\"1658\" data-end=\"1661\" \/><em data-start=\"1661\" data-end=\"1684\">Rendez-vous au jardin<\/em> (03\/06\u201324\/09), Fondation Fran\u00e7ois Schneider, Wattwiller<\/p>\n<p class=\"p1\"><strong>COLLABORATION<\/strong><\/p>\n<p data-start=\"1744\" data-end=\"1945\"><strong data-start=\"1744\" data-end=\"1752\">2022<\/strong><br data-start=\"1752\" data-end=\"1755\" \/><em data-start=\"1755\" data-end=\"1800\">Les cailloux au fond des poches de Virginia<\/em>, duo with Claudine Ganbino-Cibray, sound by Jean-Louis Davoigneau (IRCAM), Le S\u00e9choir, Mulhouse<br data-start=\"1896\" data-end=\"1899\" \/><em data-start=\"1899\" data-end=\"1906\">E=MC4<\/em>, curated by artist Ch\u00e9ni, Le S\u00e9choir<\/p>\n<p data-start=\"1947\" data-end=\"2136\"><strong data-start=\"1947\" data-end=\"1955\">2020<\/strong><br data-start=\"1955\" data-end=\"1958\" \/>1st Contemporary Ceramics Fair, Cit\u00e9 Danzas, Saint-Louis<br data-start=\"2014\" data-end=\"2017\" \/><em data-start=\"2017\" data-end=\"2028\">CATALOG 1<\/em>, curated by Mathias Zieba, Le S\u00e9choir, Mulhouse<br data-start=\"2076\" data-end=\"2079\" \/><em data-start=\"2079\" data-end=\"2096\">Pop Up Artistes<\/em>, Fondation Fernet-Branca, Saint-Louis<\/p>\n<p data-start=\"2138\" data-end=\"2378\" data-is-last-node=\"\" data-is-only-node=\"\"><strong data-start=\"2138\" data-end=\"2146\">2019<\/strong><br data-start=\"2146\" data-end=\"2149\" \/><em data-start=\"2149\" data-end=\"2186\">Tu veux que je te fasse un dessin ?<\/em>, Le S\u00e9choir, Mulhouse (curated by Sandrine Stahl)<br data-start=\"2236\" data-end=\"2239\" \/><em data-start=\"2239\" data-end=\"2257\">Habiter le monde<\/em>, Grande Biblioth\u00e8que, Abbaye de Senones, Association Helicoop<br data-start=\"2319\" data-end=\"2322\" \/><em data-start=\"2322\" data-end=\"2343\">Made in IEAC Acte V<\/em>, Moulin de la Blies, Sarreguemines<\/p>\n","protected":false},"excerpt":{"rendered":"<p>Vincent Campos was born in the Paris region in 1988. After studying Modern Literature and Language Sciences at Sorbonne Nouvelle University, he joined the \u00c9cole Nationale Sup\u00e9rieure d\u2019Art de Dijon, [&hellip;]<\/p>\n","protected":false},"featured_media":9168,"template":"","class_list":["post-10222","resident","type-resident","status-publish","has-post-thumbnail","hentry","wp-sticky"],"acf":[],"yoast_head":"<!-- This site is optimized with the Yoast SEO plugin v27.4 - https:\/\/yoast.com\/product\/yoast-seo-wordpress\/ -->\n<title>Vincent Campos<\/title>\n<meta name=\"robots\" content=\"index, follow, max-snippet:-1, max-image-preview:large, max-video-preview:-1\" \/>\n<link rel=\"canonical\" href=\"https:\/\/www.motoco.fr\/en\/residents\/vincent-campos\/\" \/>\n<meta property=\"og:locale\" content=\"en_US\" \/>\n<meta property=\"og:type\" content=\"article\" \/>\n<meta property=\"og:title\" content=\"Vincent Campos\" \/>\n<meta property=\"og:description\" content=\"Vincent Campos was born in the Paris region in 1988. After studying Modern Literature and Language Sciences at Sorbonne Nouvelle University, he joined the \u00c9cole Nationale Sup\u00e9rieure d\u2019Art de Dijon, [&hellip;]\" \/>\n<meta property=\"og:url\" content=\"https:\/\/www.motoco.fr\/en\/residents\/vincent-campos\/\" \/>\n<meta property=\"og:site_name\" content=\"motoco\" \/>\n<meta property=\"article:publisher\" content=\"https:\/\/www.facebook.com\/pg\/motocoandco\" \/>\n<meta property=\"article:modified_time\" content=\"2026-02-24T15:05:41+00:00\" \/>\n<meta property=\"og:image\" content=\"https:\/\/www.motoco.fr\/wp-inside\/uploads\/2024\/02\/profil-campos.jpg\" \/>\n\t<meta property=\"og:image:width\" content=\"2000\" \/>\n\t<meta property=\"og:image:height\" content=\"1334\" \/>\n\t<meta property=\"og:image:type\" content=\"image\/jpeg\" \/>\n<meta name=\"twitter:card\" content=\"summary_large_image\" \/>\n<meta name=\"twitter:label1\" content=\"Est. reading time\" \/>\n\t<meta name=\"twitter:data1\" content=\"2 minutes\" \/>\n<script type=\"application\/ld+json\" class=\"yoast-schema-graph\">{\"@context\":\"https:\\\/\\\/schema.org\",\"@graph\":[{\"@type\":\"WebPage\",\"@id\":\"https:\\\/\\\/www.motoco.fr\\\/en\\\/residents\\\/vincent-campos\\\/\",\"url\":\"https:\\\/\\\/www.motoco.fr\\\/en\\\/residents\\\/vincent-campos\\\/\",\"name\":\"Vincent Campos\",\"isPartOf\":{\"@id\":\"https:\\\/\\\/www.motoco.fr\\\/en\\\/#website\"},\"primaryImageOfPage\":{\"@id\":\"https:\\\/\\\/www.motoco.fr\\\/en\\\/residents\\\/vincent-campos\\\/#primaryimage\"},\"image\":{\"@id\":\"https:\\\/\\\/www.motoco.fr\\\/en\\\/residents\\\/vincent-campos\\\/#primaryimage\"},\"thumbnailUrl\":\"https:\\\/\\\/www.motoco.fr\\\/wp-inside\\\/uploads\\\/2024\\\/02\\\/profil-campos.jpg\",\"datePublished\":\"2024-02-19T16:58:15+00:00\",\"dateModified\":\"2026-02-24T15:05:41+00:00\",\"breadcrumb\":{\"@id\":\"https:\\\/\\\/www.motoco.fr\\\/en\\\/residents\\\/vincent-campos\\\/#breadcrumb\"},\"inLanguage\":\"en-US\",\"potentialAction\":[{\"@type\":\"ReadAction\",\"target\":[\"https:\\\/\\\/www.motoco.fr\\\/en\\\/residents\\\/vincent-campos\\\/\"]}]},{\"@type\":\"ImageObject\",\"inLanguage\":\"en-US\",\"@id\":\"https:\\\/\\\/www.motoco.fr\\\/en\\\/residents\\\/vincent-campos\\\/#primaryimage\",\"url\":\"https:\\\/\\\/www.motoco.fr\\\/wp-inside\\\/uploads\\\/2024\\\/02\\\/profil-campos.jpg\",\"contentUrl\":\"https:\\\/\\\/www.motoco.fr\\\/wp-inside\\\/uploads\\\/2024\\\/02\\\/profil-campos.jpg\",\"width\":2000,\"height\":1334},{\"@type\":\"BreadcrumbList\",\"@id\":\"https:\\\/\\\/www.motoco.fr\\\/en\\\/residents\\\/vincent-campos\\\/#breadcrumb\",\"itemListElement\":[{\"@type\":\"ListItem\",\"position\":1,\"name\":\"Home\",\"item\":\"https:\\\/\\\/www.motoco.fr\\\/en\\\/\"},{\"@type\":\"ListItem\",\"position\":2,\"name\":\"Residents\",\"item\":\"https:\\\/\\\/www.motoco.fr\\\/en\\\/residents\\\/\"},{\"@type\":\"ListItem\",\"position\":3,\"name\":\"Vincent Campos\"}]},{\"@type\":\"WebSite\",\"@id\":\"https:\\\/\\\/www.motoco.fr\\\/en\\\/#website\",\"url\":\"https:\\\/\\\/www.motoco.fr\\\/en\\\/\",\"name\":\"motoco\",\"description\":\"More to come\",\"potentialAction\":[{\"@type\":\"SearchAction\",\"target\":{\"@type\":\"EntryPoint\",\"urlTemplate\":\"https:\\\/\\\/www.motoco.fr\\\/en\\\/?s={search_term_string}\"},\"query-input\":{\"@type\":\"PropertyValueSpecification\",\"valueRequired\":true,\"valueName\":\"search_term_string\"}}],\"inLanguage\":\"en-US\"}]}<\/script>\n<!-- \/ Yoast SEO plugin. -->","yoast_head_json":{"title":"Vincent Campos","robots":{"index":"index","follow":"follow","max-snippet":"max-snippet:-1","max-image-preview":"max-image-preview:large","max-video-preview":"max-video-preview:-1"},"canonical":"https:\/\/www.motoco.fr\/en\/residents\/vincent-campos\/","og_locale":"en_US","og_type":"article","og_title":"Vincent Campos","og_description":"Vincent Campos was born in the Paris region in 1988. After studying Modern Literature and Language Sciences at Sorbonne Nouvelle University, he joined the \u00c9cole Nationale Sup\u00e9rieure d\u2019Art de Dijon, [&hellip;]","og_url":"https:\/\/www.motoco.fr\/en\/residents\/vincent-campos\/","og_site_name":"motoco","article_publisher":"https:\/\/www.facebook.com\/pg\/motocoandco","article_modified_time":"2026-02-24T15:05:41+00:00","og_image":[{"width":2000,"height":1334,"url":"https:\/\/www.motoco.fr\/wp-inside\/uploads\/2024\/02\/profil-campos.jpg","type":"image\/jpeg"}],"twitter_card":"summary_large_image","twitter_misc":{"Est. reading time":"2 minutes"},"schema":{"@context":"https:\/\/schema.org","@graph":[{"@type":"WebPage","@id":"https:\/\/www.motoco.fr\/en\/residents\/vincent-campos\/","url":"https:\/\/www.motoco.fr\/en\/residents\/vincent-campos\/","name":"Vincent Campos","isPartOf":{"@id":"https:\/\/www.motoco.fr\/en\/#website"},"primaryImageOfPage":{"@id":"https:\/\/www.motoco.fr\/en\/residents\/vincent-campos\/#primaryimage"},"image":{"@id":"https:\/\/www.motoco.fr\/en\/residents\/vincent-campos\/#primaryimage"},"thumbnailUrl":"https:\/\/www.motoco.fr\/wp-inside\/uploads\/2024\/02\/profil-campos.jpg","datePublished":"2024-02-19T16:58:15+00:00","dateModified":"2026-02-24T15:05:41+00:00","breadcrumb":{"@id":"https:\/\/www.motoco.fr\/en\/residents\/vincent-campos\/#breadcrumb"},"inLanguage":"en-US","potentialAction":[{"@type":"ReadAction","target":["https:\/\/www.motoco.fr\/en\/residents\/vincent-campos\/"]}]},{"@type":"ImageObject","inLanguage":"en-US","@id":"https:\/\/www.motoco.fr\/en\/residents\/vincent-campos\/#primaryimage","url":"https:\/\/www.motoco.fr\/wp-inside\/uploads\/2024\/02\/profil-campos.jpg","contentUrl":"https:\/\/www.motoco.fr\/wp-inside\/uploads\/2024\/02\/profil-campos.jpg","width":2000,"height":1334},{"@type":"BreadcrumbList","@id":"https:\/\/www.motoco.fr\/en\/residents\/vincent-campos\/#breadcrumb","itemListElement":[{"@type":"ListItem","position":1,"name":"Home","item":"https:\/\/www.motoco.fr\/en\/"},{"@type":"ListItem","position":2,"name":"Residents","item":"https:\/\/www.motoco.fr\/en\/residents\/"},{"@type":"ListItem","position":3,"name":"Vincent Campos"}]},{"@type":"WebSite","@id":"https:\/\/www.motoco.fr\/en\/#website","url":"https:\/\/www.motoco.fr\/en\/","name":"motoco","description":"More to come","potentialAction":[{"@type":"SearchAction","target":{"@type":"EntryPoint","urlTemplate":"https:\/\/www.motoco.fr\/en\/?s={search_term_string}"},"query-input":{"@type":"PropertyValueSpecification","valueRequired":true,"valueName":"search_term_string"}}],"inLanguage":"en-US"}]}},"_links":{"self":[{"href":"https:\/\/www.motoco.fr\/en\/wp-json\/wp\/v2\/resident\/10222","targetHints":{"allow":["GET"]}}],"collection":[{"href":"https:\/\/www.motoco.fr\/en\/wp-json\/wp\/v2\/resident"}],"about":[{"href":"https:\/\/www.motoco.fr\/en\/wp-json\/wp\/v2\/types\/resident"}],"version-history":[{"count":2,"href":"https:\/\/www.motoco.fr\/en\/wp-json\/wp\/v2\/resident\/10222\/revisions"}],"predecessor-version":[{"id":10224,"href":"https:\/\/www.motoco.fr\/en\/wp-json\/wp\/v2\/resident\/10222\/revisions\/10224"}],"wp:featuredmedia":[{"embeddable":true,"href":"https:\/\/www.motoco.fr\/en\/wp-json\/wp\/v2\/media\/9168"}],"wp:attachment":[{"href":"https:\/\/www.motoco.fr\/en\/wp-json\/wp\/v2\/media?parent=10222"}],"curies":[{"name":"wp","href":"https:\/\/api.w.org\/{rel}","templated":true}]}}