{"id":10163,"date":"2024-03-28T11:34:23","date_gmt":"2024-03-28T10:34:23","guid":{"rendered":"https:\/\/www.motoco.fr\/residents\/noemie-vidonne-2\/"},"modified":"2026-02-24T13:53:34","modified_gmt":"2026-02-24T12:53:34","slug":"noemie-vidonne","status":"publish","type":"resident","link":"https:\/\/www.motoco.fr\/en\/residents\/noemie-vidonne\/","title":{"rendered":"No\u00e9mie Vidonne"},"content":{"rendered":"<p>N\u00e9e en 1999, No\u00e9mie Vidonne vit et travaille actuellement \u00e0 Mulhouse.<br \/>\nElle entre \u00e0 la Haute \u00c9cole des Arts du Rhin (HEAR) de Mulhouse en 2018 et obtient son DNSEP Art en 2023.<\/p>\n<p data-start=\"0\" data-end=\"202\"><span class=\"hover:entity-accent entity-underline inline cursor-pointer align-baseline\"><span class=\"whitespace-normal\">No\u00e9mie Vidonne<\/span><\/span> (born 1999) lives and works in Mulhouse. She entered the <span class=\"hover:entity-accent entity-underline inline cursor-pointer align-baseline\"><span class=\"whitespace-normal\">Haute \u00c9cole des Arts du Rhin<\/span><\/span> (HEAR) in Mulhouse in 2018 and obtained her DNSEP Art degree in 2023.<\/p>\n<p data-start=\"204\" data-end=\"436\">Her multidisciplinary practice moves between sculpture, video, printmaking, painting, and installation. She explores memory and places\u2014whether mental or physical\u2014examining how these spaces become spatialized and transform over time.<\/p>\n<p data-start=\"438\" data-end=\"733\">In her work, No\u00e9mie constructs scenes and atmospheres drawn from spaces she has crossed, places visited in dreams, or fragments of her past. Through childhood memories as well as more dreamlike recollections, she creates new environments imbued with the memory of her family and her own history.<\/p>\n<p data-start=\"735\" data-end=\"898\">What interests her about memory is that it is never exact\u2014always slightly blurred. Dreams in particular are, for her, a mixture of sensations, images, and mirages.<\/p>\n<blockquote data-start=\"900\" data-end=\"1053\">\n<p data-start=\"902\" data-end=\"1053\">\u201cI remember that the garden is indoors, waterfalls fall from the sky, the horizon is an infinite white, and the stars can be gathered from the ground.\u201d<\/p>\n<\/blockquote>\n<p><b>Exhibitions:<\/b><\/p>\n<p data-start=\"1078\" data-end=\"1154\"><strong data-start=\"1078\" data-end=\"1105\">07.06.2025 \u2013 06.07.2025 <\/strong><em data-start=\"1108\" data-end=\"1132\">In My Room, Burned Out<\/em>, Basel, Switzerland<\/p>\n<p data-start=\"1156\" data-end=\"1278\"><strong data-start=\"1156\" data-end=\"1183\">29.11.2024 \u2013 05.01.2025 <\/strong><em data-start=\"1186\" data-end=\"1205\">Bonimentheureuses<\/em>, Regionale 25, <span class=\"hover:entity-accent entity-underline inline cursor-pointer align-baseline\"><span class=\"whitespace-normal\">La Kunsthalle Mulhouse<\/span><\/span>, Mulhouse, France<\/p>\n<p data-start=\"1280\" data-end=\"1416\"><strong data-start=\"1280\" data-end=\"1307\">01.12.2024 \u2013 05.01.2025 <\/strong><em data-start=\"1310\" data-end=\"1351\">Sleep Tight, Don\u2019t Let the Bedbugs Bite<\/em>, Regionale 25, Ausstellungsraum Klingental, Basel, Switzerland<\/p>\n<p data-start=\"1418\" data-end=\"1540\"><strong data-start=\"1418\" data-end=\"1445\">13.04.2024 \u2013 07.07.2024 <\/strong><em data-start=\"1448\" data-end=\"1478\">Spendore \u2013 joie, joie, joie\u2026<\/em>, <span class=\"hover:entity-accent entity-underline inline cursor-pointer align-baseline\"><span class=\"whitespace-normal\">Fondation Fernet-Branca<\/span><\/span>, Saint-Louis, France<\/p>\n<p data-start=\"1542\" data-end=\"1662\"><strong data-start=\"1542\" data-end=\"1569\">30.11.2023 \u2013 07.01.2024 <\/strong><em data-start=\"1572\" data-end=\"1586\">Bitte warten<\/em>, Regionale 24, Garage COOP Acc\u00e9l\u00e9rateur de particules, Strasbourg, France<\/p>\n<p data-start=\"1664\" data-end=\"1780\"><strong data-start=\"1664\" data-end=\"1691\">25.11.2023 \u2013 21.01.2024 <\/strong><em data-start=\"1694\" data-end=\"1722\">Im Angesicht der D\u00e4mmerung<\/em>, Regionale 24, Kunsthalle Palazzo, Liestal, Switzerland<\/p>\n<p data-start=\"1782\" data-end=\"1884\"><strong data-start=\"1782\" data-end=\"1809\">02.11.2023 \u2013 12.11.2023 <\/strong><em data-start=\"1812\" data-end=\"1834\">Impressions Mutantes<\/em>, Micro Self-Publishing Festival, Nantes, France<\/p>\n<p data-start=\"1886\" data-end=\"1969\"><strong data-start=\"1886\" data-end=\"1913\">12.05.2023 \u2013 22.10.2023 <\/strong><em data-start=\"1916\" data-end=\"1927\">C\u00d4TE\/C\u00d4TE<\/em>, Mus\u00e9e du Papier Peint, Rixheim, France<\/p>\n<p data-start=\"1971\" data-end=\"2047\"><strong data-start=\"1971\" data-end=\"1998\">12.05.2022 \u2013 10.06.2022 <\/strong><em data-start=\"2001\" data-end=\"2012\">MORDU.E.S<\/em>, Galerie Le PR\u00c9AU, Nancy, France<\/p>\n<p data-start=\"2049\" data-end=\"2117\"><strong data-start=\"2049\" data-end=\"2076\">16.10.2020 \u2013 18.10.2020 <\/strong><em data-start=\"2079\" data-end=\"2084\">TEX<\/em>, Freiburg im Breisgau, Germany<\/p>\n<p>&nbsp;<\/p>\n<p><b>Residencies:<\/b><\/p>\n<div class=\"flex flex-col text-sm pb-25\">\n<article class=\"text-token-text-primary w-full focus:outline-none [--shadow-height:45px] has-data-writing-block:pointer-events-none has-data-writing-block:-mt-(--shadow-height) has-data-writing-block:pt-(--shadow-height) [&amp;:has([data-writing-block])&gt;*]:pointer-events-auto scroll-mt-[calc(var(--header-height)+min(200px,max(70px,20svh)))]\" dir=\"auto\" tabindex=\"-1\" data-turn-id=\"request-WEB:5ad152dc-0966-4b5c-b2e5-5604315838a1-109\" data-testid=\"conversation-turn-212\" data-scroll-anchor=\"true\" data-turn=\"assistant\">\n<div class=\"text-base my-auto mx-auto pb-10 [--thread-content-margin:--spacing(4)] @w-sm\/main:[--thread-content-margin:--spacing(6)] @w-lg\/main:[--thread-content-margin:--spacing(16)] px-(--thread-content-margin)\">\n<div class=\"[--thread-content-max-width:40rem] @w-lg\/main:[--thread-content-max-width:48rem] mx-auto max-w-(--thread-content-max-width) flex-1 group\/turn-messages focus-visible:outline-hidden relative flex w-full min-w-0 flex-col agent-turn\" tabindex=\"-1\">\n<div class=\"flex max-w-full flex-col grow\">\n<div class=\"min-h-8 text-message relative flex w-full flex-col items-end gap-2 text-start break-words whitespace-normal [.text-message+&amp;]:mt-1\" dir=\"auto\" data-message-author-role=\"assistant\" data-message-id=\"40b1cee2-1299-48bf-a283-91d6a7be4722\" data-message-model-slug=\"gpt-5-2\">\n<div class=\"flex w-full flex-col gap-1 empty:hidden first:pt-[1px]\">\n<div class=\"markdown prose dark:prose-invert w-full wrap-break-word dark markdown-new-styling\">\n<p data-start=\"0\" data-end=\"134\">01.12.2025 \u2013 25.02.2026 Residency program between AIR Taipei and Atelier Mondial, Treasure Hill Artist Village, Taipei, Taiwan<\/p>\n<p data-start=\"136\" data-end=\"194\" data-is-last-node=\"\" data-is-only-node=\"\">Photo credits: Aur\u00e9lien Mole \/ Clara Valdes (portrait)<\/p>\n<\/div>\n<\/div>\n<\/div>\n<\/div>\n<\/div>\n<\/div>\n<\/article>\n<\/div>\n","protected":false},"excerpt":{"rendered":"<p>N\u00e9e en 1999, No\u00e9mie Vidonne vit et travaille actuellement \u00e0 Mulhouse. Elle entre \u00e0 la Haute \u00c9cole des Arts du Rhin (HEAR) de Mulhouse en 2018 et obtient son DNSEP [&hellip;]<\/p>\n","protected":false},"featured_media":9338,"template":"","class_list":["post-10163","resident","type-resident","status-publish","has-post-thumbnail","hentry","wp-sticky"],"acf":[],"yoast_head":"<!-- This site is optimized with the Yoast SEO plugin v27.4 - https:\/\/yoast.com\/product\/yoast-seo-wordpress\/ -->\n<title>No\u00e9mie Vidonne<\/title>\n<meta name=\"robots\" content=\"index, follow, max-snippet:-1, max-image-preview:large, max-video-preview:-1\" \/>\n<link rel=\"canonical\" href=\"https:\/\/www.motoco.fr\/en\/residents\/noemie-vidonne\/\" \/>\n<meta property=\"og:locale\" content=\"en_US\" \/>\n<meta property=\"og:type\" content=\"article\" \/>\n<meta property=\"og:title\" content=\"No\u00e9mie Vidonne\" \/>\n<meta property=\"og:description\" content=\"N\u00e9e en 1999, No\u00e9mie Vidonne vit et travaille actuellement \u00e0 Mulhouse. Elle entre \u00e0 la Haute \u00c9cole des Arts du Rhin (HEAR) de Mulhouse en 2018 et obtient son DNSEP [&hellip;]\" \/>\n<meta property=\"og:url\" content=\"https:\/\/www.motoco.fr\/en\/residents\/noemie-vidonne\/\" \/>\n<meta property=\"og:site_name\" content=\"motoco\" \/>\n<meta property=\"article:publisher\" content=\"https:\/\/www.facebook.com\/pg\/motocoandco\" \/>\n<meta property=\"article:modified_time\" content=\"2026-02-24T12:53:34+00:00\" \/>\n<meta property=\"og:image\" content=\"https:\/\/www.motoco.fr\/wp-inside\/uploads\/2024\/03\/photo-profil-1.jpg\" \/>\n\t<meta property=\"og:image:width\" content=\"2000\" \/>\n\t<meta property=\"og:image:height\" content=\"2999\" \/>\n\t<meta property=\"og:image:type\" content=\"image\/jpeg\" \/>\n<meta name=\"twitter:card\" content=\"summary_large_image\" \/>\n<meta name=\"twitter:label1\" content=\"Est. reading time\" \/>\n\t<meta name=\"twitter:data1\" content=\"2 minutes\" \/>\n<script type=\"application\/ld+json\" class=\"yoast-schema-graph\">{\"@context\":\"https:\\\/\\\/schema.org\",\"@graph\":[{\"@type\":\"WebPage\",\"@id\":\"https:\\\/\\\/www.motoco.fr\\\/en\\\/residents\\\/noemie-vidonne\\\/\",\"url\":\"https:\\\/\\\/www.motoco.fr\\\/en\\\/residents\\\/noemie-vidonne\\\/\",\"name\":\"No\u00e9mie Vidonne\",\"isPartOf\":{\"@id\":\"https:\\\/\\\/www.motoco.fr\\\/en\\\/#website\"},\"primaryImageOfPage\":{\"@id\":\"https:\\\/\\\/www.motoco.fr\\\/en\\\/residents\\\/noemie-vidonne\\\/#primaryimage\"},\"image\":{\"@id\":\"https:\\\/\\\/www.motoco.fr\\\/en\\\/residents\\\/noemie-vidonne\\\/#primaryimage\"},\"thumbnailUrl\":\"https:\\\/\\\/www.motoco.fr\\\/wp-inside\\\/uploads\\\/2024\\\/03\\\/photo-profil-1.jpg\",\"datePublished\":\"2024-03-28T10:34:23+00:00\",\"dateModified\":\"2026-02-24T12:53:34+00:00\",\"breadcrumb\":{\"@id\":\"https:\\\/\\\/www.motoco.fr\\\/en\\\/residents\\\/noemie-vidonne\\\/#breadcrumb\"},\"inLanguage\":\"en-US\",\"potentialAction\":[{\"@type\":\"ReadAction\",\"target\":[\"https:\\\/\\\/www.motoco.fr\\\/en\\\/residents\\\/noemie-vidonne\\\/\"]}]},{\"@type\":\"ImageObject\",\"inLanguage\":\"en-US\",\"@id\":\"https:\\\/\\\/www.motoco.fr\\\/en\\\/residents\\\/noemie-vidonne\\\/#primaryimage\",\"url\":\"https:\\\/\\\/www.motoco.fr\\\/wp-inside\\\/uploads\\\/2024\\\/03\\\/photo-profil-1.jpg\",\"contentUrl\":\"https:\\\/\\\/www.motoco.fr\\\/wp-inside\\\/uploads\\\/2024\\\/03\\\/photo-profil-1.jpg\",\"width\":2000,\"height\":2999},{\"@type\":\"BreadcrumbList\",\"@id\":\"https:\\\/\\\/www.motoco.fr\\\/en\\\/residents\\\/noemie-vidonne\\\/#breadcrumb\",\"itemListElement\":[{\"@type\":\"ListItem\",\"position\":1,\"name\":\"Home\",\"item\":\"https:\\\/\\\/www.motoco.fr\\\/en\\\/\"},{\"@type\":\"ListItem\",\"position\":2,\"name\":\"Residents\",\"item\":\"https:\\\/\\\/www.motoco.fr\\\/en\\\/residents\\\/\"},{\"@type\":\"ListItem\",\"position\":3,\"name\":\"No\u00e9mie Vidonne\"}]},{\"@type\":\"WebSite\",\"@id\":\"https:\\\/\\\/www.motoco.fr\\\/en\\\/#website\",\"url\":\"https:\\\/\\\/www.motoco.fr\\\/en\\\/\",\"name\":\"motoco\",\"description\":\"More to come\",\"potentialAction\":[{\"@type\":\"SearchAction\",\"target\":{\"@type\":\"EntryPoint\",\"urlTemplate\":\"https:\\\/\\\/www.motoco.fr\\\/en\\\/?s={search_term_string}\"},\"query-input\":{\"@type\":\"PropertyValueSpecification\",\"valueRequired\":true,\"valueName\":\"search_term_string\"}}],\"inLanguage\":\"en-US\"}]}<\/script>\n<!-- \/ Yoast SEO plugin. -->","yoast_head_json":{"title":"No\u00e9mie Vidonne","robots":{"index":"index","follow":"follow","max-snippet":"max-snippet:-1","max-image-preview":"max-image-preview:large","max-video-preview":"max-video-preview:-1"},"canonical":"https:\/\/www.motoco.fr\/en\/residents\/noemie-vidonne\/","og_locale":"en_US","og_type":"article","og_title":"No\u00e9mie Vidonne","og_description":"N\u00e9e en 1999, No\u00e9mie Vidonne vit et travaille actuellement \u00e0 Mulhouse. Elle entre \u00e0 la Haute \u00c9cole des Arts du Rhin (HEAR) de Mulhouse en 2018 et obtient son DNSEP [&hellip;]","og_url":"https:\/\/www.motoco.fr\/en\/residents\/noemie-vidonne\/","og_site_name":"motoco","article_publisher":"https:\/\/www.facebook.com\/pg\/motocoandco","article_modified_time":"2026-02-24T12:53:34+00:00","og_image":[{"width":2000,"height":2999,"url":"https:\/\/www.motoco.fr\/wp-inside\/uploads\/2024\/03\/photo-profil-1.jpg","type":"image\/jpeg"}],"twitter_card":"summary_large_image","twitter_misc":{"Est. reading time":"2 minutes"},"schema":{"@context":"https:\/\/schema.org","@graph":[{"@type":"WebPage","@id":"https:\/\/www.motoco.fr\/en\/residents\/noemie-vidonne\/","url":"https:\/\/www.motoco.fr\/en\/residents\/noemie-vidonne\/","name":"No\u00e9mie Vidonne","isPartOf":{"@id":"https:\/\/www.motoco.fr\/en\/#website"},"primaryImageOfPage":{"@id":"https:\/\/www.motoco.fr\/en\/residents\/noemie-vidonne\/#primaryimage"},"image":{"@id":"https:\/\/www.motoco.fr\/en\/residents\/noemie-vidonne\/#primaryimage"},"thumbnailUrl":"https:\/\/www.motoco.fr\/wp-inside\/uploads\/2024\/03\/photo-profil-1.jpg","datePublished":"2024-03-28T10:34:23+00:00","dateModified":"2026-02-24T12:53:34+00:00","breadcrumb":{"@id":"https:\/\/www.motoco.fr\/en\/residents\/noemie-vidonne\/#breadcrumb"},"inLanguage":"en-US","potentialAction":[{"@type":"ReadAction","target":["https:\/\/www.motoco.fr\/en\/residents\/noemie-vidonne\/"]}]},{"@type":"ImageObject","inLanguage":"en-US","@id":"https:\/\/www.motoco.fr\/en\/residents\/noemie-vidonne\/#primaryimage","url":"https:\/\/www.motoco.fr\/wp-inside\/uploads\/2024\/03\/photo-profil-1.jpg","contentUrl":"https:\/\/www.motoco.fr\/wp-inside\/uploads\/2024\/03\/photo-profil-1.jpg","width":2000,"height":2999},{"@type":"BreadcrumbList","@id":"https:\/\/www.motoco.fr\/en\/residents\/noemie-vidonne\/#breadcrumb","itemListElement":[{"@type":"ListItem","position":1,"name":"Home","item":"https:\/\/www.motoco.fr\/en\/"},{"@type":"ListItem","position":2,"name":"Residents","item":"https:\/\/www.motoco.fr\/en\/residents\/"},{"@type":"ListItem","position":3,"name":"No\u00e9mie Vidonne"}]},{"@type":"WebSite","@id":"https:\/\/www.motoco.fr\/en\/#website","url":"https:\/\/www.motoco.fr\/en\/","name":"motoco","description":"More to come","potentialAction":[{"@type":"SearchAction","target":{"@type":"EntryPoint","urlTemplate":"https:\/\/www.motoco.fr\/en\/?s={search_term_string}"},"query-input":{"@type":"PropertyValueSpecification","valueRequired":true,"valueName":"search_term_string"}}],"inLanguage":"en-US"}]}},"_links":{"self":[{"href":"https:\/\/www.motoco.fr\/en\/wp-json\/wp\/v2\/resident\/10163","targetHints":{"allow":["GET"]}}],"collection":[{"href":"https:\/\/www.motoco.fr\/en\/wp-json\/wp\/v2\/resident"}],"about":[{"href":"https:\/\/www.motoco.fr\/en\/wp-json\/wp\/v2\/types\/resident"}],"version-history":[{"count":2,"href":"https:\/\/www.motoco.fr\/en\/wp-json\/wp\/v2\/resident\/10163\/revisions"}],"predecessor-version":[{"id":10165,"href":"https:\/\/www.motoco.fr\/en\/wp-json\/wp\/v2\/resident\/10163\/revisions\/10165"}],"wp:featuredmedia":[{"embeddable":true,"href":"https:\/\/www.motoco.fr\/en\/wp-json\/wp\/v2\/media\/9338"}],"wp:attachment":[{"href":"https:\/\/www.motoco.fr\/en\/wp-json\/wp\/v2\/media?parent=10163"}],"curies":[{"name":"wp","href":"https:\/\/api.w.org\/{rel}","templated":true}]}}