{"id":10104,"date":"2019-05-09T16:46:11","date_gmt":"2019-05-09T14:46:11","guid":{"rendered":"https:\/\/www.motoco.fr\/residents\/laurence-mellinger-2\/"},"modified":"2026-02-24T11:00:41","modified_gmt":"2026-02-24T10:00:41","slug":"laurence-mellinger","status":"publish","type":"resident","link":"https:\/\/www.motoco.fr\/en\/residents\/laurence-mellinger\/","title":{"rendered":"Laurence Mellinger"},"content":{"rendered":"<p data-start=\"0\" data-end=\"173\"><span class=\"hover:entity-accent entity-underline inline cursor-pointer align-baseline\"><span class=\"whitespace-normal\">La Filature<\/span><\/span> prizewinner at <em data-start=\"53\" data-end=\"67\">Mulhouse 003<\/em>\u2014an exhibition of young graduates from French art schools\u2014she has lived and worked in Mulhouse since 2004.<\/p>\n<p data-start=\"175\" data-end=\"567\">Through a reflection on the interactions between human beings and their environment, Laurence Mellinger\u2019s work moves across disciplines depending on context. Between site-specific multimedia installations, sculpture, painting, and design, her transdisciplinary research has led her to collaborate with numerous artists, associations, and institutions, and to develop many collective projects.<\/p>\n<p data-start=\"569\" data-end=\"779\">In parallel, she conducts an experimental, multidisciplinary visual practice with various audiences, notably in collaboration with <span class=\"hover:entity-accent entity-underline inline cursor-pointer align-baseline\"><span class=\"whitespace-normal\">La Kunsthalle Mulhouse<\/span><\/span>, the contemporary art center of Mulhouse.<\/p>\n<h2>Education<\/h2>\n<p data-start=\"804\" data-end=\"827\">Born in 1972 in Metz.<\/p>\n<p data-start=\"829\" data-end=\"898\">Graduate of the \u00c9cole nationale sup\u00e9rieure des Beaux-Arts de Paris.<\/p>\n<p data-start=\"900\" data-end=\"1018\">Graduate of the \u00c9cole nationale sup\u00e9rieure des Arts Appliqu\u00e9s et des M\u00e9tiers d\u2019Art \u201cOlivier de Serres,\u201d design option.<\/p>\n<h2>Exhibitions<\/h2>\n<p data-start=\"1053\" data-end=\"1177\">2018: <em data-start=\"1059\" data-end=\"1067\">Sakura<\/em>, installation \u2013 drawing reproduced in space<br data-start=\"1111\" data-end=\"1114\" \/><em data-start=\"1114\" data-end=\"1136\">Mulhouse Loves Japan<\/em>, 2018 \u2013 Greenhouse of the Mulhouse Zoo<\/p>\n<p data-start=\"1179\" data-end=\"1242\">2015: <em data-start=\"1185\" data-end=\"1188\">e<\/em>, Galerie Ulrike Petschelt, \u201cALLER \u2013 RETOUR,\u201d Kassel<\/p>\n<p data-start=\"1244\" data-end=\"1392\">2015: <em data-start=\"1250\" data-end=\"1260\">Paysages<\/em>, walking art trail, La Filature \/ Mus\u00e9e des Beaux-Arts \/ La Kunsthalle \u2013 Lecture punctuated by video projections and performances<\/p>\n<p data-start=\"1394\" data-end=\"1498\">2015: Performance <em data-start=\"1412\" data-end=\"1426\">Back Drawing<\/em>, La Kunsthalle, in response to the exhibition <em data-start=\"1473\" data-end=\"1496\">Presque la m\u00eame chose<\/em><\/p>\n<p data-start=\"1500\" data-end=\"1645\">2012: Videos <em data-start=\"1513\" data-end=\"1526\">Caterpillar<\/em> and <em data-start=\"1531\" data-end=\"1540\">Matrice<\/em>, Regionale 12, <em data-start=\"1556\" data-end=\"1590\">Remise en Jeu, 6 heures de Vid\u00e9o<\/em>, curated by Sandrine Wymann, La Kunsthalle, Mulhouse<\/p>\n<p data-start=\"1647\" data-end=\"1895\">2012, 2010: <em data-start=\"1659\" data-end=\"1678\">Pi\u00e8ces pr\u00e9cieuses<\/em> and <em data-start=\"1683\" data-end=\"1709\">Fictions architecturales<\/em>, as part of <em data-start=\"1722\" data-end=\"1729\">Loges<\/em>, <em data-start=\"1731\" data-end=\"1754\">Murs, lieux et enjeux<\/em>, contemporary art trail in the caretakers\u2019 lodges of La Grande Borne, Grigny. Artist-curator: Marie Schuch and the M\u00e9tamorphose collective<\/p>\n<p data-start=\"1897\" data-end=\"1964\">2004: <em data-start=\"1903\" data-end=\"1931\">Germination et Territoires<\/em>, Chapelle Saint-Jean, Mulhouse<\/p>\n<p data-start=\"1966\" data-end=\"2041\">2003: <em data-start=\"1972\" data-end=\"1975\">e<\/em>, installation for the 10th anniversary of La Filature, Mulhouse<\/p>\n<p data-start=\"2043\" data-end=\"2096\">2000: <em data-start=\"2049\" data-end=\"2057\">Xspace<\/em>, curated by Jean-Luc Vilmouth, ENSBA<\/p>\n<p data-start=\"2098\" data-end=\"2176\">1997: <em data-start=\"2104\" data-end=\"2115\">Portraits<\/em>, Galerie Gauche, ENSBA Paris, curated by Ramon Tio Bellido<\/p>\n<p><span style=\"color: #0a0a0a; font-size: 1.875rem; font-weight: 900;\">Proposed workshops<\/span><\/p>\n<div class=\"flex flex-col text-sm pb-25\">\n<article class=\"text-token-text-primary w-full focus:outline-none [--shadow-height:45px] has-data-writing-block:pointer-events-none has-data-writing-block:-mt-(--shadow-height) has-data-writing-block:pt-(--shadow-height) [&amp;:has([data-writing-block])&gt;*]:pointer-events-auto scroll-mt-[calc(var(--header-height)+min(200px,max(70px,20svh)))]\" dir=\"auto\" tabindex=\"-1\" data-turn-id=\"request-WEB:5ad152dc-0966-4b5c-b2e5-5604315838a1-76\" data-testid=\"conversation-turn-152\" data-scroll-anchor=\"true\" data-turn=\"assistant\">\n<div class=\"text-base my-auto mx-auto pb-10 [--thread-content-margin:--spacing(4)] @w-sm\/main:[--thread-content-margin:--spacing(6)] @w-lg\/main:[--thread-content-margin:--spacing(16)] px-(--thread-content-margin)\">\n<div class=\"[--thread-content-max-width:40rem] @w-lg\/main:[--thread-content-max-width:48rem] mx-auto max-w-(--thread-content-max-width) flex-1 group\/turn-messages focus-visible:outline-hidden relative flex w-full min-w-0 flex-col agent-turn\" tabindex=\"-1\">\n<div class=\"flex max-w-full flex-col grow\">\n<div class=\"min-h-8 text-message relative flex w-full flex-col items-end gap-2 text-start break-words whitespace-normal [.text-message+&amp;]:mt-1\" dir=\"auto\" data-message-author-role=\"assistant\" data-message-id=\"fc606c1a-da3b-4d76-8bb7-62b93fec549b\" data-message-model-slug=\"gpt-5-2\">\n<div class=\"flex w-full flex-col gap-1 empty:hidden first:pt-[1px]\">\n<div class=\"markdown prose dark:prose-invert w-full wrap-break-word dark markdown-new-styling\">\n<p data-start=\"2209\" data-end=\"2354\">\u2013 <em data-start=\"2211\" data-end=\"2230\">Travel sketchbook<\/em> workshop: drawing from life in Mulhouse or abroad<br data-start=\"2280\" data-end=\"2283\" \/>Heritage tours through drawing (Cit\u00e9 Manifeste and historic center)<\/p>\n<p data-start=\"2356\" data-end=\"2424\">\u2013 Regular workshops in visual experimentation and drawing practice<\/p>\n<p data-start=\"2426\" data-end=\"2535\">\u2013 Workshops combining dance and visual arts, developed with Anne Florence Dauchez, dancer and choreographer<\/p>\n<p data-start=\"2537\" data-end=\"2616\" data-is-last-node=\"\" data-is-only-node=\"\">\u2013 Upcycling workshops: creating jewelry, lamps, etc., from reclaimed materials.<\/p>\n<\/div>\n<\/div>\n<\/div>\n<\/div>\n<\/div>\n<\/div>\n<\/article>\n<\/div>\n","protected":false},"excerpt":{"rendered":"<p>La Filature prizewinner at Mulhouse 003\u2014an exhibition of young graduates from French art schools\u2014she has lived and worked in Mulhouse since 2004. Through a reflection on the interactions between human [&hellip;]<\/p>\n","protected":false},"featured_media":1408,"template":"","class_list":["post-10104","resident","type-resident","status-publish","has-post-thumbnail","hentry","wp-sticky"],"acf":[],"yoast_head":"<!-- This site is optimized with the Yoast SEO plugin v27.4 - https:\/\/yoast.com\/product\/yoast-seo-wordpress\/ -->\n<title>Laurence Mellinger<\/title>\n<meta name=\"robots\" content=\"index, follow, max-snippet:-1, max-image-preview:large, max-video-preview:-1\" \/>\n<link rel=\"canonical\" href=\"https:\/\/www.motoco.fr\/en\/residents\/laurence-mellinger\/\" \/>\n<meta property=\"og:locale\" content=\"en_US\" \/>\n<meta property=\"og:type\" content=\"article\" \/>\n<meta property=\"og:title\" content=\"Laurence Mellinger\" \/>\n<meta property=\"og:description\" content=\"La Filature prizewinner at Mulhouse 003\u2014an exhibition of young graduates from French art schools\u2014she has lived and worked in Mulhouse since 2004. Through a reflection on the interactions between human [&hellip;]\" \/>\n<meta property=\"og:url\" content=\"https:\/\/www.motoco.fr\/en\/residents\/laurence-mellinger\/\" \/>\n<meta property=\"og:site_name\" content=\"motoco\" \/>\n<meta property=\"article:publisher\" content=\"https:\/\/www.facebook.com\/pg\/motocoandco\" \/>\n<meta property=\"article:modified_time\" content=\"2026-02-24T10:00:41+00:00\" \/>\n<meta property=\"og:image\" content=\"https:\/\/www.motoco.fr\/wp-inside\/uploads\/2019\/05\/mellinger-_portrait.jpg\" \/>\n\t<meta property=\"og:image:width\" content=\"426\" \/>\n\t<meta property=\"og:image:height\" content=\"456\" \/>\n\t<meta property=\"og:image:type\" content=\"image\/jpeg\" \/>\n<meta name=\"twitter:card\" content=\"summary_large_image\" \/>\n<meta name=\"twitter:label1\" content=\"Est. reading time\" \/>\n\t<meta name=\"twitter:data1\" content=\"2 minutes\" \/>\n<script type=\"application\/ld+json\" class=\"yoast-schema-graph\">{\"@context\":\"https:\\\/\\\/schema.org\",\"@graph\":[{\"@type\":\"WebPage\",\"@id\":\"https:\\\/\\\/www.motoco.fr\\\/en\\\/residents\\\/laurence-mellinger\\\/\",\"url\":\"https:\\\/\\\/www.motoco.fr\\\/en\\\/residents\\\/laurence-mellinger\\\/\",\"name\":\"Laurence Mellinger\",\"isPartOf\":{\"@id\":\"https:\\\/\\\/www.motoco.fr\\\/en\\\/#website\"},\"primaryImageOfPage\":{\"@id\":\"https:\\\/\\\/www.motoco.fr\\\/en\\\/residents\\\/laurence-mellinger\\\/#primaryimage\"},\"image\":{\"@id\":\"https:\\\/\\\/www.motoco.fr\\\/en\\\/residents\\\/laurence-mellinger\\\/#primaryimage\"},\"thumbnailUrl\":\"https:\\\/\\\/www.motoco.fr\\\/wp-inside\\\/uploads\\\/2019\\\/05\\\/mellinger-_portrait.jpg\",\"datePublished\":\"2019-05-09T14:46:11+00:00\",\"dateModified\":\"2026-02-24T10:00:41+00:00\",\"breadcrumb\":{\"@id\":\"https:\\\/\\\/www.motoco.fr\\\/en\\\/residents\\\/laurence-mellinger\\\/#breadcrumb\"},\"inLanguage\":\"en-US\",\"potentialAction\":[{\"@type\":\"ReadAction\",\"target\":[\"https:\\\/\\\/www.motoco.fr\\\/en\\\/residents\\\/laurence-mellinger\\\/\"]}]},{\"@type\":\"ImageObject\",\"inLanguage\":\"en-US\",\"@id\":\"https:\\\/\\\/www.motoco.fr\\\/en\\\/residents\\\/laurence-mellinger\\\/#primaryimage\",\"url\":\"https:\\\/\\\/www.motoco.fr\\\/wp-inside\\\/uploads\\\/2019\\\/05\\\/mellinger-_portrait.jpg\",\"contentUrl\":\"https:\\\/\\\/www.motoco.fr\\\/wp-inside\\\/uploads\\\/2019\\\/05\\\/mellinger-_portrait.jpg\",\"width\":426,\"height\":456},{\"@type\":\"BreadcrumbList\",\"@id\":\"https:\\\/\\\/www.motoco.fr\\\/en\\\/residents\\\/laurence-mellinger\\\/#breadcrumb\",\"itemListElement\":[{\"@type\":\"ListItem\",\"position\":1,\"name\":\"Home\",\"item\":\"https:\\\/\\\/www.motoco.fr\\\/en\\\/\"},{\"@type\":\"ListItem\",\"position\":2,\"name\":\"Residents\",\"item\":\"https:\\\/\\\/www.motoco.fr\\\/en\\\/residents\\\/\"},{\"@type\":\"ListItem\",\"position\":3,\"name\":\"Laurence Mellinger\"}]},{\"@type\":\"WebSite\",\"@id\":\"https:\\\/\\\/www.motoco.fr\\\/en\\\/#website\",\"url\":\"https:\\\/\\\/www.motoco.fr\\\/en\\\/\",\"name\":\"motoco\",\"description\":\"More to come\",\"potentialAction\":[{\"@type\":\"SearchAction\",\"target\":{\"@type\":\"EntryPoint\",\"urlTemplate\":\"https:\\\/\\\/www.motoco.fr\\\/en\\\/?s={search_term_string}\"},\"query-input\":{\"@type\":\"PropertyValueSpecification\",\"valueRequired\":true,\"valueName\":\"search_term_string\"}}],\"inLanguage\":\"en-US\"}]}<\/script>\n<!-- \/ Yoast SEO plugin. -->","yoast_head_json":{"title":"Laurence Mellinger","robots":{"index":"index","follow":"follow","max-snippet":"max-snippet:-1","max-image-preview":"max-image-preview:large","max-video-preview":"max-video-preview:-1"},"canonical":"https:\/\/www.motoco.fr\/en\/residents\/laurence-mellinger\/","og_locale":"en_US","og_type":"article","og_title":"Laurence Mellinger","og_description":"La Filature prizewinner at Mulhouse 003\u2014an exhibition of young graduates from French art schools\u2014she has lived and worked in Mulhouse since 2004. Through a reflection on the interactions between human [&hellip;]","og_url":"https:\/\/www.motoco.fr\/en\/residents\/laurence-mellinger\/","og_site_name":"motoco","article_publisher":"https:\/\/www.facebook.com\/pg\/motocoandco","article_modified_time":"2026-02-24T10:00:41+00:00","og_image":[{"width":426,"height":456,"url":"https:\/\/www.motoco.fr\/wp-inside\/uploads\/2019\/05\/mellinger-_portrait.jpg","type":"image\/jpeg"}],"twitter_card":"summary_large_image","twitter_misc":{"Est. reading time":"2 minutes"},"schema":{"@context":"https:\/\/schema.org","@graph":[{"@type":"WebPage","@id":"https:\/\/www.motoco.fr\/en\/residents\/laurence-mellinger\/","url":"https:\/\/www.motoco.fr\/en\/residents\/laurence-mellinger\/","name":"Laurence Mellinger","isPartOf":{"@id":"https:\/\/www.motoco.fr\/en\/#website"},"primaryImageOfPage":{"@id":"https:\/\/www.motoco.fr\/en\/residents\/laurence-mellinger\/#primaryimage"},"image":{"@id":"https:\/\/www.motoco.fr\/en\/residents\/laurence-mellinger\/#primaryimage"},"thumbnailUrl":"https:\/\/www.motoco.fr\/wp-inside\/uploads\/2019\/05\/mellinger-_portrait.jpg","datePublished":"2019-05-09T14:46:11+00:00","dateModified":"2026-02-24T10:00:41+00:00","breadcrumb":{"@id":"https:\/\/www.motoco.fr\/en\/residents\/laurence-mellinger\/#breadcrumb"},"inLanguage":"en-US","potentialAction":[{"@type":"ReadAction","target":["https:\/\/www.motoco.fr\/en\/residents\/laurence-mellinger\/"]}]},{"@type":"ImageObject","inLanguage":"en-US","@id":"https:\/\/www.motoco.fr\/en\/residents\/laurence-mellinger\/#primaryimage","url":"https:\/\/www.motoco.fr\/wp-inside\/uploads\/2019\/05\/mellinger-_portrait.jpg","contentUrl":"https:\/\/www.motoco.fr\/wp-inside\/uploads\/2019\/05\/mellinger-_portrait.jpg","width":426,"height":456},{"@type":"BreadcrumbList","@id":"https:\/\/www.motoco.fr\/en\/residents\/laurence-mellinger\/#breadcrumb","itemListElement":[{"@type":"ListItem","position":1,"name":"Home","item":"https:\/\/www.motoco.fr\/en\/"},{"@type":"ListItem","position":2,"name":"Residents","item":"https:\/\/www.motoco.fr\/en\/residents\/"},{"@type":"ListItem","position":3,"name":"Laurence Mellinger"}]},{"@type":"WebSite","@id":"https:\/\/www.motoco.fr\/en\/#website","url":"https:\/\/www.motoco.fr\/en\/","name":"motoco","description":"More to come","potentialAction":[{"@type":"SearchAction","target":{"@type":"EntryPoint","urlTemplate":"https:\/\/www.motoco.fr\/en\/?s={search_term_string}"},"query-input":{"@type":"PropertyValueSpecification","valueRequired":true,"valueName":"search_term_string"}}],"inLanguage":"en-US"}]}},"_links":{"self":[{"href":"https:\/\/www.motoco.fr\/en\/wp-json\/wp\/v2\/resident\/10104","targetHints":{"allow":["GET"]}}],"collection":[{"href":"https:\/\/www.motoco.fr\/en\/wp-json\/wp\/v2\/resident"}],"about":[{"href":"https:\/\/www.motoco.fr\/en\/wp-json\/wp\/v2\/types\/resident"}],"version-history":[{"count":2,"href":"https:\/\/www.motoco.fr\/en\/wp-json\/wp\/v2\/resident\/10104\/revisions"}],"predecessor-version":[{"id":10106,"href":"https:\/\/www.motoco.fr\/en\/wp-json\/wp\/v2\/resident\/10104\/revisions\/10106"}],"wp:featuredmedia":[{"embeddable":true,"href":"https:\/\/www.motoco.fr\/en\/wp-json\/wp\/v2\/media\/1408"}],"wp:attachment":[{"href":"https:\/\/www.motoco.fr\/en\/wp-json\/wp\/v2\/media?parent=10104"}],"curies":[{"name":"wp","href":"https:\/\/api.w.org\/{rel}","templated":true}]}}