{"id":10057,"date":"2020-11-10T11:06:37","date_gmt":"2020-11-10T10:06:37","guid":{"rendered":"https:\/\/www.motoco.fr\/residents\/jean-louis-schoellkopf-2\/"},"modified":"2026-02-24T10:05:12","modified_gmt":"2026-02-24T09:05:12","slug":"jean-louis-schoellkopf","status":"publish","type":"resident","link":"https:\/\/www.motoco.fr\/en\/residents\/jean-louis-schoellkopf\/","title":{"rendered":"Jean-Louis Schoellkopf"},"content":{"rendered":"<p data-start=\"0\" data-end=\"104\">How do changes in production conditions impact the lives of workers, residents, and the image of a city?<\/p>\n<p data-start=\"106\" data-end=\"418\">After years in Saint-\u00c9tienne (mining, steel industry), and projects in Li\u00e9vin (mining), the Grand-Hornu (mining), Hayange (metallurgy), Louviers (textile weaving), and Ludwigshafen (chemical industry), among others, I settled in Mulhouse with a project focused on the Mulhouse\u2013Belfort\u2013Montb\u00e9liard industrial hub.<\/p>\n<h2><strong>Major Exhibitions and Publications<\/strong><\/h2>\n<p>2024 Int\u00e9rieurs, Th\u00e9atre du Nord<\/p>\n<p>2023 Mulhouse,la Filature<\/p>\n<p>2023, Mulhouse Kunsthalle &#8220;studio mobile \u00bb<\/p>\n<p>2023 Lille Institut pour la photographie, Travailleurs<\/p>\n<p>2023 Loos les Lille, Paysages<\/p>\n<p>2022 Lille, Institut pour la photographie, \u00ab l\u2019enjeu du documentaire \u00bb<\/p>\n<p>2011 :\u00a0Douchy-les-mines,\u00a0Centre photographique Nord-Pas de Calais<\/p>\n<p>2008 :\u00a0Angers, Artoth\u00e8que,\u00a0<em>le Grand Hornu<\/em><\/p>\n<p>2006 :\u00a0Saint Di\u00e9, CEPAGRAP,\u00a0<em>Habiter le Corbusier<\/em><\/p>\n<p>2005 :\u00a0Melle, Biennale d&#8217;art contemporain, Hotel de M\u00e9noc,\u00a0<em>Portraits de familles melloises<br \/>\n<\/em>Limoges, CAUE,\u00a0<em>Plourin-l\u00e8s-Morlaix<\/em><\/p>\n<p>2003 :\u00a0Strasbourg, la Chambre,\u00a0<em>Le temps \u00e0 l&#8217;oeuvre citoyen,\u00a0Plourin-l\u00e8s-Morlaix ( \u00e0 propos de Philippe Madec )<\/em><\/p>\n<p>2001:\u00a0Louviers, Mus\u00e9e,\u00a0<em>Portrait de la derni\u00e8re filature,\u00a0<\/em>catalogue<\/p>\n<p>1994 :\u00a0Thessalonique, Mus\u00e9e de la Banque Nationale,\u00a0<em>Athos,\u00a0<\/em>catalogue<\/p>\n<p>1993 :\u00a0Ein Harod (Israel) Mishkan LeOmanut,\u00a0<em>Israel-Palestine,\u00a0<\/em>catalogue<\/p>\n<p>1992 :\u00a0Hannover, Kubus,\u00a0<em>Typologies<\/em><\/p>\n<p>1991 :\u00a0Saint Etienne, Mus\u00e9e d&#8217;art moderne,\u00a0<em>Typologies,\u00a0<\/em>catalogue<\/p>\n<h2>Group Exhibitions (Selection)<\/h2>\n<p data-start=\"1604\" data-end=\"1752\"><strong data-start=\"1604\" data-end=\"1612\">2025<\/strong> \u2013 Montreuil, Centre Tignous, <em data-start=\"1642\" data-end=\"1656\">Quel travail<\/em><br data-start=\"1656\" data-end=\"1659\" \/><strong data-start=\"1659\" data-end=\"1667\">2025<\/strong> \u2013 Ugine, Centre d\u2019Art Curiox, <em data-start=\"1698\" data-end=\"1720\">Et tout devint r\u00e9gal<\/em><br data-start=\"1720\" data-end=\"1723\" \/><strong data-start=\"1723\" data-end=\"1731\">2025<\/strong> \u2013 FRAC Grand Large<\/p>\n<p data-start=\"1754\" data-end=\"1842\"><strong data-start=\"1754\" data-end=\"1762\">2016<\/strong> \u2013 Barcelona, La Virreina, <em data-start=\"1789\" data-end=\"1840\">Barcelona, la metropoli en l&#8217;era de la fotografia<\/em><\/p>\n<p data-start=\"1844\" data-end=\"1959\"><strong data-start=\"1844\" data-end=\"1852\">2015<\/strong> \u2013 Ludwigshafen, Wilhelm Hack Museum, <em data-start=\"1890\" data-end=\"1902\">Wie leben?<\/em><br data-start=\"1902\" data-end=\"1905\" \/>Montb\u00e9liard, CRAC Le 19, <em data-start=\"1930\" data-end=\"1957\">La terre nous est \u00e9troite<\/em><\/p>\n<p data-start=\"1961\" data-end=\"2079\"><strong data-start=\"1961\" data-end=\"1969\">2012<\/strong> \u2013 Lillebonne, <em data-start=\"1984\" data-end=\"2006\">Le portrait en s\u00e9rie<\/em><br data-start=\"2006\" data-end=\"2009\" \/>Montr\u00e9al, Canadian Centre for Architecture, <em data-start=\"2053\" data-end=\"2077\">Alturas de Machu Pichu<\/em><\/p>\n<p data-start=\"2081\" data-end=\"2188\"><strong data-start=\"2081\" data-end=\"2089\">2011<\/strong> \u2013 Barcelona, MACBA, <em data-start=\"2110\" data-end=\"2119\">Volume!<\/em><br data-start=\"2119\" data-end=\"2122\" \/>Lewarde, Centre Historique Minier, <em data-start=\"2157\" data-end=\"2186\">Mineurs d\u2019ici et d\u2019ailleurs<\/em><\/p>\n<p data-start=\"2190\" data-end=\"2263\"><strong data-start=\"2190\" data-end=\"2198\">2009<\/strong> \u2013 Li\u00e8ge, Les Chiroux, <em data-start=\"2221\" data-end=\"2249\">Business is Still Business<\/em> (catalogue)<\/p>\n<p data-start=\"2265\" data-end=\"2491\"><strong data-start=\"2265\" data-end=\"2273\">2008<\/strong> \u2013 Barcelona, MACBA, <em data-start=\"2294\" data-end=\"2313\">L\u2019arxi\u00f9 universal<\/em><br data-start=\"2313\" data-end=\"2316\" \/>S\u00e9rignan, Museum, <em data-start=\"2334\" data-end=\"2373\">Images du corps, vertiges et vestiges<\/em><br data-start=\"2373\" data-end=\"2376\" \/>Val-de-Reuil, M\u00e9diath\u00e8que Le Corbusier, <em data-start=\"2416\" data-end=\"2436\">Singuliers\/pluriel<\/em><br data-start=\"2436\" data-end=\"2439\" \/>Uckange, Haut Fourneau U4, <em data-start=\"2466\" data-end=\"2489\">Femmes du pays du fer<\/em><\/p>\n<p data-start=\"2493\" data-end=\"2638\"><strong data-start=\"2493\" data-end=\"2501\">2007<\/strong> \u2013 FRAC Nord\u2013Pas de Calais, <em data-start=\"2529\" data-end=\"2538\">D\u00e9j\u00e0 vu<\/em><br data-start=\"2538\" data-end=\"2541\" \/>Souchez, Centre Europ\u00e9en de la Paix<br data-start=\"2576\" data-end=\"2579\" \/>Ho Chi Minh City (Vietnam), <em data-start=\"2607\" data-end=\"2624\">Mois de l\u2019image<\/em> (catalogue)<\/p>\n<p data-start=\"2640\" data-end=\"2778\"><strong data-start=\"2640\" data-end=\"2648\">2006<\/strong> \u2013 Paris, MNAM\u2013Centre Pompidou, <em data-start=\"2680\" data-end=\"2712\">Les peintres de la vie moderne<\/em><br data-start=\"2712\" data-end=\"2715\" \/>Baden-Baden, Kunsthalle, <em data-start=\"2740\" data-end=\"2776\">Tiefensch\u00e4rfe, Bilder vom Menschen<\/em><\/p>\n<p data-start=\"2780\" data-end=\"2890\"><strong data-start=\"2780\" data-end=\"2788\">2005<\/strong> \u2013 Villeurbanne, IAC; Saint-\u00c9tienne, Museum of Modern Art, <em data-start=\"2847\" data-end=\"2876\">La photographie \u00e0 l\u2019\u00e9preuve<\/em> (catalogue)<\/p>\n<p data-start=\"2892\" data-end=\"3031\"><strong data-start=\"2892\" data-end=\"2900\">2004<\/strong> \u2013 Sotteville-l\u00e8s-Rouen, FRAC Haute-Normandie, <em data-start=\"2947\" data-end=\"2967\">Singuliers\/pluriel<\/em><br data-start=\"2967\" data-end=\"2970\" \/>Melle, Biennale d\u2019art contemporain, <em data-start=\"3006\" data-end=\"3029\">L\u2019art d\u2019\u00eatre au monde<\/em><\/p>\n<p data-start=\"3033\" data-end=\"3107\"><strong data-start=\"3033\" data-end=\"3041\">2001<\/strong> \u2013 Brest, Centre d\u2019Art Passerelle, <em data-start=\"3076\" data-end=\"3105\">R\u00e9alit\u00e9s, Hommage \u00e0 Courbet<\/em><\/p>\n<p data-start=\"3109\" data-end=\"3182\"><strong data-start=\"3109\" data-end=\"3117\">2000<\/strong> \u2013 Montb\u00e9liard, CRAC, <em data-start=\"3139\" data-end=\"3168\">R\u00e9alit\u00e9s, Hommage \u00e0 Courbet<\/em> (catalogue)<\/p>\n<p data-start=\"3184\" data-end=\"3258\"><strong data-start=\"3184\" data-end=\"3192\">1999<\/strong> \u2013 Grenoble, CNAC Le Magasin, <em data-start=\"3222\" data-end=\"3244\">Contextes diff\u00e9rents<\/em> (catalogue)<\/p>\n<p data-start=\"3260\" data-end=\"3346\"><strong data-start=\"3260\" data-end=\"3268\">1998<\/strong> \u2013 Genoa, Palazzo San Giorgio, <em data-start=\"3299\" data-end=\"3319\">La citt\u00e0 del porto<\/em> (with Gabriele Basilico)<\/p>\n<p data-start=\"3348\" data-end=\"3483\"><strong data-start=\"3348\" data-end=\"3356\">1997<\/strong> \u2013 Stuttgart, Akademie Schloss Solitude, <em data-start=\"3397\" data-end=\"3418\">Tun der Architektur<\/em><br data-start=\"3418\" data-end=\"3421\" \/>Kassel, Documenta X (catalogue)<br data-start=\"3452\" data-end=\"3455\" \/>Karlsruhe, ZKM (catalogue)<\/p>\n<p data-start=\"3485\" data-end=\"3590\"><strong data-start=\"3485\" data-end=\"3493\">1996<\/strong> \u2013 Barcelona, Fundaci\u00f3 Joan Mir\u00f3, <em data-start=\"3527\" data-end=\"3544\">Homo Ecologicus<\/em> (catalogue)<br data-start=\"3556\" data-end=\"3559\" \/>Berlin, Podewil, <em data-start=\"3576\" data-end=\"3588\">Feuilleton<\/em><\/p>\n<p data-start=\"3592\" data-end=\"3663\"><strong data-start=\"3592\" data-end=\"3600\">1993<\/strong> \u2013 Rotterdam, Kunsthal, <em data-start=\"3624\" data-end=\"3649\">Alexanderpolder Projekt<\/em> (catalogue)<\/p>\n<p data-start=\"3665\" data-end=\"3847\"><strong data-start=\"3665\" data-end=\"3673\">1991<\/strong> \u2013 Los Angeles, MOCA, <em data-start=\"3695\" data-end=\"3754\">A Dialogue about Recent American and European Photography<\/em> (catalogue)<br data-start=\"3766\" data-end=\"3769\" \/>Paris, Mus\u00e9e d\u2019Art Moderne, <em data-start=\"3797\" data-end=\"3833\">Lieux communs, figures singuli\u00e8res<\/em> (catalogue)<\/p>\n<h2><strong>Publications<\/strong><\/h2>\n<p>Michel Poivert, 50 ans de photographie Fran\u00e7aise, Textuel 2019<\/p>\n<p>Strasbourg, Mus\u00e9e d&#8217;art moderne et contemporain, 2008<\/p>\n<p>Cartes et Plans, Universit\u00e9 de Saint Etienne, r\u00e9\u00e9dition, 2005<\/p>\n<p>Le temps \u00e0 l&#8217;oeuvre citoyen, Plourin-l\u00e8s Morlaix, Editions Jean-Michel Place, 2004<\/p>\n<p>La reprise des monuments, Editions du Moniteur, 2003<\/p>\n<p>Michel Poivert, la photographie contemporaine, Flammarion, 2002<\/p>\n<p>Nous, les Brandons, Editions Jean-Michel Place, 2000<\/p>\n<p>Bulletin de la Soci\u00e9t\u00e9 Fran\u00e7aise de Photographie n.2, 1997<\/p>\n<p>Le travail photographi\u00e9, CNRS, Universit\u00e9 de Saint Etienne, 1996<\/p>\n<p>Feuilleton, Editions Schloss Solitude, 1995<\/p>\n<p>Le temps,le nombre,la ville, Caisse des d\u00e9p\u00f4ts et consignations, Editions Carr\u00e9, 1994<\/p>\n<p>Cartes et Plans, Ecole d&#8217;architecture de Saint-Etienne, 1989<\/p>\n<h2>Public Collections<\/h2>\n<p>Museu d&#8217;Art contemporani Barcelone (Macba)<\/p>\n<p>FRAC-Nord Pas de Calais<\/p>\n<p>FRAC Rh\u00f4ne-Alpes<\/p>\n<p>FRAC Haute-Normandie<\/p>\n<p>Mus\u00e9e d&#8217;art moderne, Saint Etienne<\/p>\n<p>FNAC, Paris<\/p>\n<p>Mus\u00e9e d&#8217;art moderne de la ville de Paris<\/p>\n<p>Staatsgalerie, Stuttgart<\/p>\n<p>Z.K.M., Karlsruhe<\/p>\n<p>Mus\u00e9e d&#8217;art contemporain, Strasbourg<\/p>\n<p>Caisse des d\u00e9p\u00f4ts et consignations<\/p>\n","protected":false},"excerpt":{"rendered":"<p>How do changes in production conditions impact the lives of workers, residents, and the image of a city? After years in Saint-\u00c9tienne (mining, steel industry), and projects in Li\u00e9vin (mining), [&hellip;]<\/p>\n","protected":false},"featured_media":8925,"template":"","class_list":["post-10057","resident","type-resident","status-publish","has-post-thumbnail","hentry","wp-sticky"],"acf":[],"yoast_head":"<!-- This site is optimized with the Yoast SEO plugin v27.5 - https:\/\/yoast.com\/product\/yoast-seo-wordpress\/ -->\n<title>Jean-Louis Schoellkopf<\/title>\n<meta name=\"robots\" content=\"index, follow, max-snippet:-1, max-image-preview:large, max-video-preview:-1\" \/>\n<link rel=\"canonical\" href=\"https:\/\/www.motoco.fr\/en\/residents\/jean-louis-schoellkopf\/\" \/>\n<meta property=\"og:locale\" content=\"en_US\" \/>\n<meta property=\"og:type\" content=\"article\" \/>\n<meta property=\"og:title\" content=\"Jean-Louis Schoellkopf\" \/>\n<meta property=\"og:description\" content=\"How do changes in production conditions impact the lives of workers, residents, and the image of a city? After years in Saint-\u00c9tienne (mining, steel industry), and projects in Li\u00e9vin (mining), [&hellip;]\" \/>\n<meta property=\"og:url\" content=\"https:\/\/www.motoco.fr\/en\/residents\/jean-louis-schoellkopf\/\" \/>\n<meta property=\"og:site_name\" content=\"motoco\" \/>\n<meta property=\"article:publisher\" content=\"https:\/\/www.facebook.com\/pg\/motocoandco\" \/>\n<meta property=\"article:modified_time\" content=\"2026-02-24T09:05:12+00:00\" \/>\n<meta property=\"og:image\" content=\"https:\/\/www.motoco.fr\/wp-inside\/uploads\/2020\/11\/jean-louis-portrait.jpg\" \/>\n\t<meta property=\"og:image:width\" content=\"1440\" \/>\n\t<meta property=\"og:image:height\" content=\"1080\" \/>\n\t<meta property=\"og:image:type\" content=\"image\/jpeg\" \/>\n<meta name=\"twitter:card\" content=\"summary_large_image\" \/>\n<meta name=\"twitter:label1\" content=\"Est. reading time\" \/>\n\t<meta name=\"twitter:data1\" content=\"3 minutes\" \/>\n<script type=\"application\/ld+json\" class=\"yoast-schema-graph\">{\"@context\":\"https:\\\/\\\/schema.org\",\"@graph\":[{\"@type\":\"WebPage\",\"@id\":\"https:\\\/\\\/www.motoco.fr\\\/en\\\/residents\\\/jean-louis-schoellkopf\\\/\",\"url\":\"https:\\\/\\\/www.motoco.fr\\\/en\\\/residents\\\/jean-louis-schoellkopf\\\/\",\"name\":\"Jean-Louis Schoellkopf\",\"isPartOf\":{\"@id\":\"https:\\\/\\\/www.motoco.fr\\\/en\\\/#website\"},\"primaryImageOfPage\":{\"@id\":\"https:\\\/\\\/www.motoco.fr\\\/en\\\/residents\\\/jean-louis-schoellkopf\\\/#primaryimage\"},\"image\":{\"@id\":\"https:\\\/\\\/www.motoco.fr\\\/en\\\/residents\\\/jean-louis-schoellkopf\\\/#primaryimage\"},\"thumbnailUrl\":\"https:\\\/\\\/www.motoco.fr\\\/wp-inside\\\/uploads\\\/2020\\\/11\\\/jean-louis-portrait.jpg\",\"datePublished\":\"2020-11-10T10:06:37+00:00\",\"dateModified\":\"2026-02-24T09:05:12+00:00\",\"breadcrumb\":{\"@id\":\"https:\\\/\\\/www.motoco.fr\\\/en\\\/residents\\\/jean-louis-schoellkopf\\\/#breadcrumb\"},\"inLanguage\":\"en-US\",\"potentialAction\":[{\"@type\":\"ReadAction\",\"target\":[\"https:\\\/\\\/www.motoco.fr\\\/en\\\/residents\\\/jean-louis-schoellkopf\\\/\"]}]},{\"@type\":\"ImageObject\",\"inLanguage\":\"en-US\",\"@id\":\"https:\\\/\\\/www.motoco.fr\\\/en\\\/residents\\\/jean-louis-schoellkopf\\\/#primaryimage\",\"url\":\"https:\\\/\\\/www.motoco.fr\\\/wp-inside\\\/uploads\\\/2020\\\/11\\\/jean-louis-portrait.jpg\",\"contentUrl\":\"https:\\\/\\\/www.motoco.fr\\\/wp-inside\\\/uploads\\\/2020\\\/11\\\/jean-louis-portrait.jpg\",\"width\":1440,\"height\":1080},{\"@type\":\"BreadcrumbList\",\"@id\":\"https:\\\/\\\/www.motoco.fr\\\/en\\\/residents\\\/jean-louis-schoellkopf\\\/#breadcrumb\",\"itemListElement\":[{\"@type\":\"ListItem\",\"position\":1,\"name\":\"Home\",\"item\":\"https:\\\/\\\/www.motoco.fr\\\/en\\\/\"},{\"@type\":\"ListItem\",\"position\":2,\"name\":\"Residents\",\"item\":\"https:\\\/\\\/www.motoco.fr\\\/en\\\/residents\\\/\"},{\"@type\":\"ListItem\",\"position\":3,\"name\":\"Jean-Louis Schoellkopf\"}]},{\"@type\":\"WebSite\",\"@id\":\"https:\\\/\\\/www.motoco.fr\\\/en\\\/#website\",\"url\":\"https:\\\/\\\/www.motoco.fr\\\/en\\\/\",\"name\":\"motoco\",\"description\":\"More to come\",\"potentialAction\":[{\"@type\":\"SearchAction\",\"target\":{\"@type\":\"EntryPoint\",\"urlTemplate\":\"https:\\\/\\\/www.motoco.fr\\\/en\\\/?s={search_term_string}\"},\"query-input\":{\"@type\":\"PropertyValueSpecification\",\"valueRequired\":true,\"valueName\":\"search_term_string\"}}],\"inLanguage\":\"en-US\"}]}<\/script>\n<!-- \/ Yoast SEO plugin. -->","yoast_head_json":{"title":"Jean-Louis Schoellkopf","robots":{"index":"index","follow":"follow","max-snippet":"max-snippet:-1","max-image-preview":"max-image-preview:large","max-video-preview":"max-video-preview:-1"},"canonical":"https:\/\/www.motoco.fr\/en\/residents\/jean-louis-schoellkopf\/","og_locale":"en_US","og_type":"article","og_title":"Jean-Louis Schoellkopf","og_description":"How do changes in production conditions impact the lives of workers, residents, and the image of a city? After years in Saint-\u00c9tienne (mining, steel industry), and projects in Li\u00e9vin (mining), [&hellip;]","og_url":"https:\/\/www.motoco.fr\/en\/residents\/jean-louis-schoellkopf\/","og_site_name":"motoco","article_publisher":"https:\/\/www.facebook.com\/pg\/motocoandco","article_modified_time":"2026-02-24T09:05:12+00:00","og_image":[{"width":1440,"height":1080,"url":"https:\/\/www.motoco.fr\/wp-inside\/uploads\/2020\/11\/jean-louis-portrait.jpg","type":"image\/jpeg"}],"twitter_card":"summary_large_image","twitter_misc":{"Est. reading time":"3 minutes"},"schema":{"@context":"https:\/\/schema.org","@graph":[{"@type":"WebPage","@id":"https:\/\/www.motoco.fr\/en\/residents\/jean-louis-schoellkopf\/","url":"https:\/\/www.motoco.fr\/en\/residents\/jean-louis-schoellkopf\/","name":"Jean-Louis Schoellkopf","isPartOf":{"@id":"https:\/\/www.motoco.fr\/en\/#website"},"primaryImageOfPage":{"@id":"https:\/\/www.motoco.fr\/en\/residents\/jean-louis-schoellkopf\/#primaryimage"},"image":{"@id":"https:\/\/www.motoco.fr\/en\/residents\/jean-louis-schoellkopf\/#primaryimage"},"thumbnailUrl":"https:\/\/www.motoco.fr\/wp-inside\/uploads\/2020\/11\/jean-louis-portrait.jpg","datePublished":"2020-11-10T10:06:37+00:00","dateModified":"2026-02-24T09:05:12+00:00","breadcrumb":{"@id":"https:\/\/www.motoco.fr\/en\/residents\/jean-louis-schoellkopf\/#breadcrumb"},"inLanguage":"en-US","potentialAction":[{"@type":"ReadAction","target":["https:\/\/www.motoco.fr\/en\/residents\/jean-louis-schoellkopf\/"]}]},{"@type":"ImageObject","inLanguage":"en-US","@id":"https:\/\/www.motoco.fr\/en\/residents\/jean-louis-schoellkopf\/#primaryimage","url":"https:\/\/www.motoco.fr\/wp-inside\/uploads\/2020\/11\/jean-louis-portrait.jpg","contentUrl":"https:\/\/www.motoco.fr\/wp-inside\/uploads\/2020\/11\/jean-louis-portrait.jpg","width":1440,"height":1080},{"@type":"BreadcrumbList","@id":"https:\/\/www.motoco.fr\/en\/residents\/jean-louis-schoellkopf\/#breadcrumb","itemListElement":[{"@type":"ListItem","position":1,"name":"Home","item":"https:\/\/www.motoco.fr\/en\/"},{"@type":"ListItem","position":2,"name":"Residents","item":"https:\/\/www.motoco.fr\/en\/residents\/"},{"@type":"ListItem","position":3,"name":"Jean-Louis Schoellkopf"}]},{"@type":"WebSite","@id":"https:\/\/www.motoco.fr\/en\/#website","url":"https:\/\/www.motoco.fr\/en\/","name":"motoco","description":"More to come","potentialAction":[{"@type":"SearchAction","target":{"@type":"EntryPoint","urlTemplate":"https:\/\/www.motoco.fr\/en\/?s={search_term_string}"},"query-input":{"@type":"PropertyValueSpecification","valueRequired":true,"valueName":"search_term_string"}}],"inLanguage":"en-US"}]}},"_links":{"self":[{"href":"https:\/\/www.motoco.fr\/en\/wp-json\/wp\/v2\/resident\/10057","targetHints":{"allow":["GET"]}}],"collection":[{"href":"https:\/\/www.motoco.fr\/en\/wp-json\/wp\/v2\/resident"}],"about":[{"href":"https:\/\/www.motoco.fr\/en\/wp-json\/wp\/v2\/types\/resident"}],"version-history":[{"count":2,"href":"https:\/\/www.motoco.fr\/en\/wp-json\/wp\/v2\/resident\/10057\/revisions"}],"predecessor-version":[{"id":10062,"href":"https:\/\/www.motoco.fr\/en\/wp-json\/wp\/v2\/resident\/10057\/revisions\/10062"}],"wp:featuredmedia":[{"embeddable":true,"href":"https:\/\/www.motoco.fr\/en\/wp-json\/wp\/v2\/media\/8925"}],"wp:attachment":[{"href":"https:\/\/www.motoco.fr\/en\/wp-json\/wp\/v2\/media?parent=10057"}],"curies":[{"name":"wp","href":"https:\/\/api.w.org\/{rel}","templated":true}]}}